{"id":354,"date":"2018-03-22T10:41:34","date_gmt":"2018-03-22T13:41:34","guid":{"rendered":"http:\/\/pontodesign.com.br\/clientes\/rocha\/site\/?page_id=354"},"modified":"2024-06-06T15:16:26","modified_gmt":"2024-06-06T18:16:26","slug":"nossa-historia","status":"publish","type":"page","link":"https:\/\/www.rochalog.com.br\/en\/nossa-historia\/","title":{"rendered":"Our History"},"content":{"rendered":"<div id=\"pl-354\"  class=\"panel-layout\" ><div id=\"pg-354-0\"  class=\"panel-grid panel-has-style\" ><div class=\"rocha-banner siteorigin-panels-stretch panel-row-style panel-row-style-for-354-0\" id=\"rocha-banner\" data-stretch-type=\"full-width-stretch\" ><div id=\"pgc-354-0-0\"  class=\"panel-grid-cell panel-grid-cell-empty\" ><\/div><\/div><\/div><div id=\"pg-354-1\"  class=\"panel-grid panel-no-style\" ><div id=\"pgc-354-1-0\"  class=\"panel-grid-cell\" ><div id=\"panel-354-1-0-0\" class=\"so-panel widget widget_sow-editor panel-first-child panel-last-child\" data-index=\"0\" ><div\n\t\t\t\n\t\t\tclass=\"so-widget-sow-editor so-widget-sow-editor-base\"\n\t\t\t\n\t\t>\n<div class=\"siteorigin-widget-tinymce textwidget\">\n\t<h1 style=\"margin-bottom: 0;\">Our History<\/h1>\n<p style=\"margin-top: 3px;\"><strong>Mais de 155 anos de trajet\u00f3ria, com olhar atento para o futuro.<\/strong><\/p>\n<\/div>\n<\/div><\/div><\/div><\/div><div id=\"pg-354-2\"  class=\"panel-grid panel-no-style\" ><div id=\"pgc-354-2-0\"  class=\"panel-grid-cell\" ><div id=\"panel-354-2-0-0\" class=\"so-panel widget widget_sow-editor panel-first-child panel-last-child\" data-index=\"1\" ><div\n\t\t\t\n\t\t\tclass=\"so-widget-sow-editor so-widget-sow-editor-base\"\n\t\t\t\n\t\t>\n<div class=\"siteorigin-widget-tinymce textwidget\">\n\t<p style=\"text-align: justify;\">Para uma empresa ultrapassar 155 anos \u00e9 necess\u00e1rio muito mais do que dedica\u00e7\u00e3o e empenho, \u00e9 preciso se reinventar, sempre com foco na excel\u00eancia, mantendo um olhar atento \u00e0s inova\u00e7\u00f5es e tend\u00eancias. \u00c9 preciso dispor de vis\u00e3o estrat\u00e9gica, de um alinhamento efetivo com clientes, parceiros e fornecedores para atender \u00e0s necessidades de mercado, se antecipar com solu\u00e7\u00f5es completas e integradas, assegurando leg\u00edtimo diferencial competitivo.<\/p>\n<p style=\"text-align: justify;\">Concentrating on all of these matters, ROCHA, a Paran\u00e1 state rooted company, over time, has paved a long and successful path, always based on trust, respect for the environment and company collaborators. We are proud to share with you our history.<\/p>\n<\/div>\n<\/div><\/div><\/div><\/div><div id=\"pg-354-3\"  class=\"panel-grid panel-no-style\" ><div id=\"pgc-354-3-0\"  class=\"panel-grid-cell\" ><\/div><\/div><div id=\"pg-354-4\"  class=\"panel-grid panel-has-style\" ><div class=\"siteorigin-panels-stretch panel-row-style panel-row-style-for-354-4\" data-stretch-type=\"full\" ><div id=\"pgc-354-4-0\"  class=\"panel-grid-cell\" ><div id=\"panel-354-4-0-0\" class=\"so-panel widget widget_sow-editor panel-first-child panel-last-child\" data-index=\"3\" ><div id=\"linha-do-tempo\" class=\"panel-widget-style panel-widget-style-for-354-4-0-0\" ><div\n\t\t\t\n\t\t\tclass=\"so-widget-sow-editor so-widget-sow-editor-base\"\n\t\t\t\n\t\t>\n<div class=\"siteorigin-widget-tinymce textwidget\">\n\t<h2 style=\"text-align: center;\">Timeline<\/h2>\n<\/div>\n<\/div><\/div><\/div><\/div><\/div><\/div><div id=\"pg-354-5\"  class=\"panel-grid panel-has-style\" ><div class=\"timeline-desktop siteorigin-panels-stretch panel-row-style panel-row-style-for-354-5\" id=\"timeline-desktop\" data-stretch-type=\"full\" ><div id=\"pgc-354-5-0\"  class=\"panel-grid-cell\" ><div id=\"panel-354-5-0-0\" class=\"so-panel widget widget_sow-editor panel-first-child panel-last-child\" data-index=\"4\" ><div class=\"timeline-desktop panel-widget-style panel-widget-style-for-354-5-0-0\" id=\"timeline-desktop\" ><div\n\t\t\t\n\t\t\tclass=\"so-widget-sow-editor so-widget-sow-editor-base\"\n\t\t\t\n\t\t>\n<div class=\"siteorigin-widget-tinymce textwidget\">\n\t<p>\t\t\t<!-- Cool Timeline Free V3.0.9 --><\/p>\n<div class=\"ctl-wrapper\" role=\"region\" aria-label=\"Timeline\">\n<div class=\"ctl-before-content\">\n<div class=\"timeline-main-title\">\n<h2>Timeline<\/h2>\n<\/div>\n<\/div>\n<div id=\"cool_timeline_1\" class=\"cool-timeline-wrapper ctl-both-sided ctl-vertical-wrapper\" >\n<div class=\"ctl-start\"><\/div>\n<p>\t\t\t\t\t<!-- Timeline Container --><\/p>\n<div class=\"ctl-timeline ctl-timeline-container\" data-animation=\"FadeInOut\">\n\t\t\t\t\t\t<!-- Center Line --><\/p>\n<div class=\"ctl-inner-line\" role=\"presentation\"><\/div>\n<p>\t\t\t\t\t\t<!-- Story Year Section --><\/p>\n<div data-cls=\"sc-nv-light vertical\" class=\"timeline-year scrollable-section ctl-year ctl-year-container light-year\" data-section-title=\"1864\" id=\"year-1864\">\n<div class=\"ctl-year-label ctl-year-text\"><span>1864<\/span><\/div>\n<\/div>\n<p><!-- Timeline Content --><\/p>\n<div  id=\"ctl-story-3512\" class=\"ctl-story ctl-story-icon odd ctl-story-right\" data-aos=\"FadeInOut\"   data-story-index=\"1\" role=\"article\"><!-- Story Date --><\/p>\n<div class=\"ctl-labels\">\n<div class=\"ctl-label-big story-date\">1864<\/div>\n<\/div>\n<p><!-- Story Icon --><\/p>\n<div class=\"ctl-icon\"><i class= \"fa fas fa-square\" aria-hidden =\"true\"><\/i><\/div>\n<p> <!-- Story Arrow --><\/p>\n<div class=\"ctl-arrow\"><\/div>\n<p><!-- Story Content --><\/p>\n<div class=\"ctl-content\"><!-- Story Title --><\/p>\n<div class=\"ctl-title story-3512\" aria-label=\"2\">1864<\/div>\n<p><!-- Story Description --><\/p>\n<div class=\"ctl-description\">\n<p>ROCHA S. A. Industry, Commerce and Navigation is founded by Bento Munhoz da Rocha, who transported wood, mate tea and phosphate.<\/p>\n<\/div>\n<\/div>\n<\/div>\n<p><!-- Story Year Section --><\/p>\n<div data-cls=\"sc-nv-light vertical\" class=\"timeline-year scrollable-section ctl-year ctl-year-container light-year\" data-section-title=\"1922\" id=\"year-1922\">\n<div class=\"ctl-year-label ctl-year-text\"><span>1922<\/span><\/div>\n<\/div>\n<p><!-- Timeline Content --><\/p>\n<div  id=\"ctl-story-3513\" class=\"ctl-story ctl-story-icon even ctl-story-left\" data-aos=\"FadeInOut\"   data-story-index=\"2\" role=\"article\"><!-- Story Date --><\/p>\n<div class=\"ctl-labels\">\n<div class=\"ctl-label-big story-date\">1922<\/div>\n<\/div>\n<p><!-- Story Icon --><\/p>\n<div class=\"ctl-icon\"><i class= \"fa fas fa-square\" aria-hidden =\"true\"><\/i><\/div>\n<p> <!-- Story Arrow --><\/p>\n<div class=\"ctl-arrow\"><\/div>\n<p><!-- Story Content --><\/p>\n<div class=\"ctl-content\"><!-- Story Title --><\/p>\n<div class=\"ctl-title story-3513\" aria-label=\"2\">1922<\/div>\n<p><!-- Story Description --><\/p>\n<div class=\"ctl-description\">\n<p>Change of the corporate name to ROCHA &amp; Cia, now managed by the Cominese family.<\/p>\n<\/div>\n<\/div>\n<\/div>\n<p><!-- Story Year Section --><\/p>\n<div data-cls=\"sc-nv-light vertical\" class=\"timeline-year scrollable-section ctl-year ctl-year-container light-year\" data-section-title=\"1966\" id=\"year-1966\">\n<div class=\"ctl-year-label ctl-year-text\"><span>1966<\/span><\/div>\n<\/div>\n<p><!-- Timeline Content --><\/p>\n<div  id=\"ctl-story-3515\" class=\"ctl-story ctl-story-icon odd ctl-story-right\" data-aos=\"FadeInOut\"   data-story-index=\"3\" role=\"article\"><!-- Story Date --><\/p>\n<div class=\"ctl-labels\">\n<div class=\"ctl-label-big story-date\">1966<\/div>\n<\/div>\n<p><!-- Story Icon --><\/p>\n<div class=\"ctl-icon\"><i class= \"fa fas fa-square\" aria-hidden =\"true\"><\/i><\/div>\n<p> <!-- Story Arrow --><\/p>\n<div class=\"ctl-arrow\"><\/div>\n<p><!-- Story Content --><\/p>\n<div class=\"ctl-content\"><!-- Story Title --><\/p>\n<div class=\"ctl-title story-3515\" aria-label=\"2\">1966<\/div>\n<p><!-- Story Description --><\/p>\n<div class=\"ctl-description\">\n<p>A revised company name from ROCHA &amp; CIA. to ROCHA S.A. Industry, Commerce and Navigation, including the most senior employees as members.<\/p>\n<\/div>\n<\/div>\n<\/div>\n<p><!-- Story Year Section --><\/p>\n<div data-cls=\"sc-nv-light vertical\" class=\"timeline-year scrollable-section ctl-year ctl-year-container light-year\" data-section-title=\"1980\" id=\"year-1980\">\n<div class=\"ctl-year-label ctl-year-text\"><span>1980<\/span><\/div>\n<\/div>\n<p><!-- Timeline Content --><\/p>\n<div  id=\"ctl-story-3518\" class=\"ctl-story ctl-story-icon even ctl-story-left\" data-aos=\"FadeInOut\"   data-story-index=\"4\" role=\"article\"><!-- Story Date --><\/p>\n<div class=\"ctl-labels\">\n<div class=\"ctl-label-big story-date\">1980<\/div>\n<\/div>\n<p><!-- Story Icon --><\/p>\n<div class=\"ctl-icon\"><i class= \"fa fas fa-square\" aria-hidden =\"true\"><\/i><\/div>\n<p> <!-- Story Arrow --><\/p>\n<div class=\"ctl-arrow\"><\/div>\n<p><!-- Story Content --><\/p>\n<div class=\"ctl-content\"><!-- Story Title --><\/p>\n<div class=\"ctl-title story-3518\" aria-label=\"2\">1980<\/div>\n<p><!-- Story Description --><\/p>\n<div class=\"ctl-description\">\n<p>ROCHA starts focusing on the container sector.<\/p>\n<\/div>\n<\/div>\n<\/div>\n<p><!-- Story Year Section --><\/p>\n<div data-cls=\"sc-nv-light vertical\" class=\"timeline-year scrollable-section ctl-year ctl-year-container light-year\" data-section-title=\"1982\" id=\"year-1982\">\n<div class=\"ctl-year-label ctl-year-text\"><span>1982<\/span><\/div>\n<\/div>\n<p><!-- Timeline Content --><\/p>\n<div  id=\"ctl-story-3519\" class=\"ctl-story ctl-story-icon odd ctl-story-right\" data-aos=\"FadeInOut\"   data-story-index=\"5\" role=\"article\"><!-- Story Date --><\/p>\n<div class=\"ctl-labels\">\n<div class=\"ctl-label-big story-date\">1982<\/div>\n<\/div>\n<p><!-- Story Icon --><\/p>\n<div class=\"ctl-icon\"><i class= \"fa fas fa-square\" aria-hidden =\"true\"><\/i><\/div>\n<p> <!-- Story Arrow --><\/p>\n<div class=\"ctl-arrow\"><\/div>\n<p><!-- Story Content --><\/p>\n<div class=\"ctl-content\"><!-- Story Title --><\/p>\n<div class=\"ctl-title story-3519\" aria-label=\"2\">1982<\/div>\n<p><!-- Story Description --><\/p>\n<div class=\"ctl-description\">\n<p>Brothers H\u00e9lio and Jo\u00e3o Gilberto Cominese Freire begin to work for the company and undertake the management of GRUPO ROCHA.<\/p>\n<\/div>\n<\/div>\n<\/div>\n<p><!-- Story Year Section --><\/p>\n<div data-cls=\"sc-nv-light vertical\" class=\"timeline-year scrollable-section ctl-year ctl-year-container light-year\" data-section-title=\"1988\" id=\"year-1988\">\n<div class=\"ctl-year-label ctl-year-text\"><span>1988<\/span><\/div>\n<\/div>\n<p><!-- Timeline Content --><\/p>\n<div  id=\"ctl-story-3520\" class=\"ctl-story ctl-story-icon even ctl-story-left\" data-aos=\"FadeInOut\"   data-story-index=\"6\" role=\"article\"><!-- Story Date --><\/p>\n<div class=\"ctl-labels\">\n<div class=\"ctl-label-big story-date\">1988<\/div>\n<\/div>\n<p><!-- Story Icon --><\/p>\n<div class=\"ctl-icon\"><i class= \"fa fas fa-square\" aria-hidden =\"true\"><\/i><\/div>\n<p> <!-- Story Arrow --><\/p>\n<div class=\"ctl-arrow\"><\/div>\n<p><!-- Story Content --><\/p>\n<div class=\"ctl-content\"><!-- Story Title --><\/p>\n<div class=\"ctl-title story-3520\" aria-label=\"2\">1988<\/div>\n<p><!-- Story Description --><\/p>\n<div class=\"ctl-description\">\n<p>Appointment of Jo\u00e3o Eug\u00eanio Cominese as representative of Cia. Brasileira de Cont\u00eaineres (CBC).<\/p>\n<\/div>\n<\/div>\n<\/div>\n<p><!-- Story Year Section --><\/p>\n<div data-cls=\"sc-nv-light vertical\" class=\"timeline-year scrollable-section ctl-year ctl-year-container light-year\" data-section-title=\"2000\" id=\"year-2000\">\n<div class=\"ctl-year-label ctl-year-text\"><span>2000<\/span><\/div>\n<\/div>\n<p><!-- Timeline Content --><\/p>\n<div  id=\"ctl-story-3521\" class=\"ctl-story ctl-story-icon odd ctl-story-right\" data-aos=\"FadeInOut\"   data-story-index=\"7\" role=\"article\"><!-- Story Date --><\/p>\n<div class=\"ctl-labels\">\n<div class=\"ctl-label-big story-date\">2000<\/div>\n<\/div>\n<p><!-- Story Icon --><\/p>\n<div class=\"ctl-icon\"><i class= \"fa fas fa-square\" aria-hidden =\"true\"><\/i><\/div>\n<p> <!-- Story Arrow --><\/p>\n<div class=\"ctl-arrow\"><\/div>\n<p><!-- Story Content --><\/p>\n<div class=\"ctl-content\"><!-- Story Title --><\/p>\n<div class=\"ctl-title story-3521\" aria-label=\"2\">2000<\/div>\n<p><!-- Story Description --><\/p>\n<div class=\"ctl-description\">\n<p>Start of Bulk Import cargo handling services<\/p>\n<\/div>\n<\/div>\n<\/div>\n<p><!-- Story Year Section --><\/p>\n<div data-cls=\"sc-nv-light vertical\" class=\"timeline-year scrollable-section ctl-year ctl-year-container light-year\" data-section-title=\"2002\" id=\"year-2002\">\n<div class=\"ctl-year-label ctl-year-text\"><span>2002<\/span><\/div>\n<\/div>\n<p><!-- Timeline Content --><\/p>\n<div  id=\"ctl-story-3522\" class=\"ctl-story ctl-story-icon even ctl-story-left\" data-aos=\"FadeInOut\"   data-story-index=\"8\" role=\"article\"><!-- Story Date --><\/p>\n<div class=\"ctl-labels\">\n<div class=\"ctl-label-big story-date\">2002<\/div>\n<\/div>\n<p><!-- Story Icon --><\/p>\n<div class=\"ctl-icon\"><i class= \"fa fas fa-square\" aria-hidden =\"true\"><\/i><\/div>\n<p> <!-- Story Arrow --><\/p>\n<div class=\"ctl-arrow\"><\/div>\n<p><!-- Story Content --><\/p>\n<div class=\"ctl-content\"><!-- Story Title --><\/p>\n<div class=\"ctl-title story-3522\" aria-label=\"2\">2002<\/div>\n<p><!-- Story Description --><\/p>\n<div class=\"ctl-description\">\n<p>Purchase of the first large cranes. Construction of specialized warehouses and the company's new headquarters in Paranagu\u00e1 (PR). Obtaining the concession of Porto Seco, in S\u00e3o Francisco do Sul (SC), and opening of office branches in Itaja\u00ed (SC) and Guaruj\u00e1 (SP).<\/p>\n<\/div>\n<\/div>\n<\/div>\n<p><!-- Story Year Section --><\/p>\n<div data-cls=\"sc-nv-light vertical\" class=\"timeline-year scrollable-section ctl-year ctl-year-container light-year\" data-section-title=\"2005\" id=\"year-2005\">\n<div class=\"ctl-year-label ctl-year-text\"><span>2005<\/span><\/div>\n<\/div>\n<p><!-- Timeline Content --><\/p>\n<div  id=\"ctl-story-3523\" class=\"ctl-story ctl-story-icon odd ctl-story-right\" data-aos=\"FadeInOut\"   data-story-index=\"9\" role=\"article\"><!-- Story Date --><\/p>\n<div class=\"ctl-labels\">\n<div class=\"ctl-label-big story-date\">2005<\/div>\n<\/div>\n<p><!-- Story Icon --><\/p>\n<div class=\"ctl-icon\"><i class= \"fa fas fa-square\" aria-hidden =\"true\"><\/i><\/div>\n<p> <!-- Story Arrow --><\/p>\n<div class=\"ctl-arrow\"><\/div>\n<p><!-- Story Content --><\/p>\n<div class=\"ctl-content\"><!-- Story Title --><\/p>\n<div class=\"ctl-title story-3523\" aria-label=\"2\">2005<\/div>\n<p><!-- Story Description --><\/p>\n<div class=\"ctl-description\">\n<p>Start of operations at Porto Seco, in S\u00e3o Francisco do Sul (SC).<\/p>\n<\/div>\n<\/div>\n<\/div>\n<p><!-- Story Year Section --><\/p>\n<div data-cls=\"sc-nv-light vertical\" class=\"timeline-year scrollable-section ctl-year ctl-year-container light-year\" data-section-title=\"2010\" id=\"year-2010\">\n<div class=\"ctl-year-label ctl-year-text\"><span>2010<\/span><\/div>\n<\/div>\n<p><!-- Timeline Content --><\/p>\n<div  id=\"ctl-story-3525\" class=\"ctl-story ctl-story-icon even ctl-story-left\" data-aos=\"FadeInOut\"   data-story-index=\"10\" role=\"article\"><!-- Story Date --><\/p>\n<div class=\"ctl-labels\">\n<div class=\"ctl-label-big story-date\">2010<\/div>\n<\/div>\n<p><!-- Story Icon --><\/p>\n<div class=\"ctl-icon\"><i class= \"fa fas fa-square\" aria-hidden =\"true\"><\/i><\/div>\n<p> <!-- Story Arrow --><\/p>\n<div class=\"ctl-arrow\"><\/div>\n<p><!-- Story Content --><\/p>\n<div class=\"ctl-content\"><!-- Story Title --><\/p>\n<div class=\"ctl-title story-3525\" aria-label=\"2\">2010<\/div>\n<p><!-- Story Description --><\/p>\n<div class=\"ctl-description\">\n<p>In March of that year, a new period of expansion begins, further to investments by the ANGRA INFRA investment fund for a 40.58% share in the company.<\/p>\n<\/div>\n<\/div>\n<\/div>\n<p><!-- Story Year Section --><\/p>\n<div data-cls=\"sc-nv-light vertical\" class=\"timeline-year scrollable-section ctl-year ctl-year-container light-year\" data-section-title=\"2011\" id=\"year-2011\">\n<div class=\"ctl-year-label ctl-year-text\"><span>2011<\/span><\/div>\n<\/div>\n<p><!-- Timeline Content --><\/p>\n<div  id=\"ctl-story-3526\" class=\"ctl-story ctl-story-icon odd ctl-story-right\" data-aos=\"FadeInOut\"   data-story-index=\"11\" role=\"article\"><!-- Story Date --><\/p>\n<div class=\"ctl-labels\">\n<div class=\"ctl-label-big story-date\">2011<\/div>\n<\/div>\n<p><!-- Story Icon --><\/p>\n<div class=\"ctl-icon\"><i class= \"fa fas fa-square\" aria-hidden =\"true\"><\/i><\/div>\n<p> <!-- Story Arrow --><\/p>\n<div class=\"ctl-arrow\"><\/div>\n<p><!-- Story Content --><\/p>\n<div class=\"ctl-content\"><!-- Story Title --><\/p>\n<div class=\"ctl-title story-3526\" aria-label=\"2\">2011<\/div>\n<p><!-- Story Description --><\/p>\n<div class=\"ctl-description\">\n<p>Em dezembro, ocorre a aquisi\u00e7\u00e3o de 50% do capital social da Cattalini Terminais Mar\u00edtimos S.A., em Paranagu\u00e1 (PR), maior empresa de gran\u00e9is l\u00edquidos da Am\u00e9rica Latina.<\/p>\n<\/div>\n<\/div>\n<\/div>\n<p><!-- Story Year Section --><\/p>\n<div data-cls=\"sc-nv-light vertical\" class=\"timeline-year scrollable-section ctl-year ctl-year-container light-year\" data-section-title=\"2012\" id=\"year-2012\">\n<div class=\"ctl-year-label ctl-year-text\"><span>2012<\/span><\/div>\n<\/div>\n<p><!-- Timeline Content --><\/p>\n<div  id=\"ctl-story-3528\" class=\"ctl-story ctl-story-icon even ctl-story-left\" data-aos=\"FadeInOut\"   data-story-index=\"12\" role=\"article\"><!-- Story Date --><\/p>\n<div class=\"ctl-labels\">\n<div class=\"ctl-label-big story-date\">2012<\/div>\n<\/div>\n<p><!-- Story Icon --><\/p>\n<div class=\"ctl-icon\"><i class= \"fa fas fa-square\" aria-hidden =\"true\"><\/i><\/div>\n<p> <!-- Story Arrow --><\/p>\n<div class=\"ctl-arrow\"><\/div>\n<p><!-- Story Content --><\/p>\n<div class=\"ctl-content\"><!-- Story Title --><\/p>\n<div class=\"ctl-title story-3528\" aria-label=\"2\">2012<\/div>\n<p><!-- Story Description --><\/p>\n<div class=\"ctl-description\">\n<p>Conclus\u00e3o das obras do complexo alfandegado destinado \u00e0 importa\u00e7\u00e3o de fertilizantes em Paranagu\u00e1 (PR). In\u00edcio das opera\u00e7\u00f5es com gran\u00e9is de importa\u00e7\u00e3o no porto de S\u00e3o Francisco do Sul (SC) via subsidi\u00e1ria Fullport8 (28,3%), formando-se uma joint venture com outros tr\u00eas s\u00f3cios locais.<\/p>\n<\/div>\n<\/div>\n<\/div>\n<p><!-- Story Year Section --><\/p>\n<div data-cls=\"sc-nv-light vertical\" class=\"timeline-year scrollable-section ctl-year ctl-year-container light-year\" data-section-title=\"2013\" id=\"year-2013\">\n<div class=\"ctl-year-label ctl-year-text\"><span>2013<\/span><\/div>\n<\/div>\n<p><!-- Timeline Content --><\/p>\n<div  id=\"ctl-story-3529\" class=\"ctl-story ctl-story-icon odd ctl-story-right\" data-aos=\"FadeInOut\"   data-story-index=\"13\" role=\"article\"><!-- Story Date --><\/p>\n<div class=\"ctl-labels\">\n<div class=\"ctl-label-big story-date\">2013<\/div>\n<\/div>\n<p><!-- Story Icon --><\/p>\n<div class=\"ctl-icon\"><i class= \"fa fas fa-square\" aria-hidden =\"true\"><\/i><\/div>\n<p> <!-- Story Arrow --><\/p>\n<div class=\"ctl-arrow\"><\/div>\n<p><!-- Story Content --><\/p>\n<div class=\"ctl-content\"><!-- Story Title --><\/p>\n<div class=\"ctl-title story-3529\" aria-label=\"2\">2013<\/div>\n<p><!-- Story Description --><\/p>\n<div class=\"ctl-description\">\n<p>Aquisi\u00e7\u00e3o de 60% da empresa Vanzin Opera\u00e7\u00f5es Portu\u00e1rias S\/A, focada em opera\u00e7\u00f5es portu\u00e1rias de gran\u00e9is s\u00f3lidos, no Rio Grande (RS), visando \u00e0 expans\u00e3o geogr\u00e1fica da empresa.<\/p>\n<\/div>\n<\/div>\n<\/div>\n<p><!-- Story Year Section --><\/p>\n<div data-cls=\"sc-nv-light vertical\" class=\"timeline-year scrollable-section ctl-year ctl-year-container light-year\" data-section-title=\"2015\" id=\"year-2015\">\n<div class=\"ctl-year-label ctl-year-text\"><span>2015<\/span><\/div>\n<\/div>\n<p><!-- Timeline Content --><\/p>\n<div  id=\"ctl-story-3530\" class=\"ctl-story ctl-story-icon even ctl-story-left\" data-aos=\"FadeInOut\"   data-story-index=\"14\" role=\"article\"><!-- Story Date --><\/p>\n<div class=\"ctl-labels\">\n<div class=\"ctl-label-big story-date\">2015<\/div>\n<\/div>\n<p><!-- Story Icon --><\/p>\n<div class=\"ctl-icon\"><i class= \"fa fas fa-square\" aria-hidden =\"true\"><\/i><\/div>\n<p> <!-- Story Arrow --><\/p>\n<div class=\"ctl-arrow\"><\/div>\n<p><!-- Story Content --><\/p>\n<div class=\"ctl-content\"><!-- Story Title --><\/p>\n<div class=\"ctl-title story-3530\" aria-label=\"2\">2015<\/div>\n<p><!-- Story Description --><\/p>\n<div class=\"ctl-description\">\n<p>Aquisi\u00e7\u00e3o de 25% da COPI \u2013 Companhia Operadora Portu\u00e1ria do Itaqui, por meio da investida Vanzin, em Itaqui (MA). Associa\u00e7\u00e3o com o BNDESPAR, com a opera\u00e7\u00e3o de subscri\u00e7\u00e3o de novas a\u00e7\u00f5es ordin\u00e1rias. Movimento realizado para capitalizar a ROCHA visando \u00e0 continuidade do seu crescimento de acordo com o planejamento estrat\u00e9gico<\/p>\n<\/div>\n<\/div>\n<\/div>\n<p><!-- Story Year Section --><\/p>\n<div data-cls=\"sc-nv-light vertical\" class=\"timeline-year scrollable-section ctl-year ctl-year-container light-year\" data-section-title=\"2017\" id=\"year-2017\">\n<div class=\"ctl-year-label ctl-year-text\"><span>2017<\/span><\/div>\n<\/div>\n<p><!-- Timeline Content --><\/p>\n<div  id=\"ctl-story-3531\" class=\"ctl-story ctl-story-icon odd ctl-story-right\" data-aos=\"FadeInOut\"   data-story-index=\"15\" role=\"article\"><!-- Story Date --><\/p>\n<div class=\"ctl-labels\">\n<div class=\"ctl-label-big story-date\">2017<\/div>\n<\/div>\n<p><!-- Story Icon --><\/p>\n<div class=\"ctl-icon\"><i class= \"fa fas fa-square\" aria-hidden =\"true\"><\/i><\/div>\n<p> <!-- Story Arrow --><\/p>\n<div class=\"ctl-arrow\"><\/div>\n<p><!-- Story Content --><\/p>\n<div class=\"ctl-content\"><!-- Story Title --><\/p>\n<div class=\"ctl-title story-3531\" aria-label=\"2\">2017<\/div>\n<p><!-- Story Description --><\/p>\n<div class=\"ctl-description\">\n<p>In\u00edcio das opera\u00e7\u00f5es do moderno complexo para exporta\u00e7\u00e3o de gr\u00e3os da ROCHA interligado ao corredor de exporta\u00e7\u00e3o (COREX) do Porto de Paranagu\u00e1 (APPA), no Paran\u00e1. Neste ano a ROCHA conquistou importantes certifica\u00e7\u00f5es: \u00a0Sistema de Gest\u00e3o Integrada (SGI) &#8211; \u00a0ISO 9001, ISO 14001 e OHSAS 18001. &nbsp;<\/p>\n<\/div>\n<\/div>\n<\/div>\n<p><!-- Story Year Section --><\/p>\n<div data-cls=\"sc-nv-light vertical\" class=\"timeline-year scrollable-section ctl-year ctl-year-container light-year\" data-section-title=\"2019\" id=\"year-2019\">\n<div class=\"ctl-year-label ctl-year-text\"><span>2019<\/span><\/div>\n<\/div>\n<p><!-- Timeline Content --><\/p>\n<div  id=\"ctl-story-3913\" class=\"ctl-story ctl-story-icon even ctl-story-left\" data-aos=\"FadeInOut\"   data-story-index=\"16\" role=\"article\"><!-- Story Date --><\/p>\n<div class=\"ctl-labels\">\n<div class=\"ctl-label-big story-date\">2019<\/div>\n<\/div>\n<p><!-- Story Icon --><\/p>\n<div class=\"ctl-icon\"><i class= \"fa fas fa-square\" aria-hidden =\"true\"><\/i><\/div>\n<p> <!-- Story Arrow --><\/p>\n<div class=\"ctl-arrow\"><\/div>\n<p><!-- Story Content --><\/p>\n<div class=\"ctl-content\"><!-- Story Title --><\/p>\n<div class=\"ctl-title story-3913\" aria-label=\"2\">2018\/2019<\/div>\n<p><!-- Story Description --><\/p>\n<div class=\"ctl-description\">\n<p>No ano de 2018 a Rocha conquistou a certifica\u00e7\u00e3o OEA-S para as suas unidades de neg\u00f3cio AZ9A, Granel de Importa\u00e7\u00e3o, Opera\u00e7\u00e3o Portu\u00e1ria, Porto Seco e Granel de Exporta\u00e7\u00e3o. Aquisi\u00e7\u00e3o de mais 25% da\u00a0COPI \u2013 Companhia Operadora Portu\u00e1ria do Itaqui, por meio da investida Vanzin, em Itaqui (MA), totalizando 50%\u00a0da parti\u00e7\u00e3o<\/p>\n<\/div>\n<\/div>\n<\/div>\n<p><!-- Story Year Section --><\/p>\n<div data-cls=\"sc-nv-light vertical\" class=\"timeline-year scrollable-section ctl-year ctl-year-container light-year\" data-section-title=\"2022\" id=\"year-2022\">\n<div class=\"ctl-year-label ctl-year-text\"><span>2022<\/span><\/div>\n<\/div>\n<p><!-- Timeline Content --><\/p>\n<div  id=\"ctl-story-8742\" class=\"ctl-story ctl-story-icon odd ctl-story-right\" data-aos=\"FadeInOut\"   data-story-index=\"17\" role=\"article\"><!-- Story Date --><\/p>\n<div class=\"ctl-labels\">\n<div class=\"ctl-label-big story-date\">2022<\/div>\n<\/div>\n<p><!-- Story Icon --><\/p>\n<div class=\"ctl-icon\"><i class= \"fa fas fa-square\" aria-hidden =\"true\"><\/i><\/div>\n<p> <!-- Story Arrow --><\/p>\n<div class=\"ctl-arrow\"><\/div>\n<p><!-- Story Content --><\/p>\n<div class=\"ctl-content\"><!-- Story Title --><\/p>\n<div class=\"ctl-title story-8742\" aria-label=\"2\">2020\/2022<\/div>\n<p><!-- Story Description --><\/p>\n<div class=\"ctl-description\">\n<p>Expans\u00e3o GEXPO (Est\u00e1tica e Correias Transportadoras) Conclus\u00e3o da fase 2 das obras de amplia\u00e7\u00e3o da estrutura de Gran\u00e9is de Exporta\u00e7\u00e3o da Rocha, com dois novos armaz\u00e9ns e uma capacidade est\u00e1tica total de 270 mil toneladas. O novo complexo traz um aumento significativo na capacidade est\u00e1tica do Corredor de Exporta\u00e7\u00e3o de<\/p>\n<\/div>\n<\/div>\n<\/div>\n<p><!-- Timeline Content --><\/p>\n<div  id=\"ctl-story-8752\" class=\"ctl-story ctl-story-icon even ctl-story-left\" data-aos=\"FadeInOut\"   data-story-index=\"18\" role=\"article\"><!-- Story Date --><\/p>\n<div class=\"ctl-labels\">\n<div class=\"ctl-label-big story-date\">2022<\/div>\n<\/div>\n<p><!-- Story Icon --><\/p>\n<div class=\"ctl-icon\"><i class= \"fa fas fa-square\" aria-hidden =\"true\"><\/i><\/div>\n<p> <!-- Story Arrow --><\/p>\n<div class=\"ctl-arrow\"><\/div>\n<p><!-- Story Content --><\/p>\n<div class=\"ctl-content\"><!-- Story Title --><\/p>\n<div class=\"ctl-title story-8752\" aria-label=\"2\">2021<\/div>\n<p><!-- Story Description --><\/p>\n<div class=\"ctl-description\">\n<p>Novo Armaz\u00e9m COPI A COPI entrega um sistema que possibilita triplicar a produtividade do ber\u00e7o 101 do Porto do Itaqui. As opera\u00e7\u00f5es s\u00e3o realizadas com guindastes m\u00f3veis do cais, moega e correias transportadoras que conectam o armaz\u00e9m constru\u00eddo diretamente ao ber\u00e7o 101. Al\u00e9m da melhor produtividade, o novo modelo de<\/p>\n<\/div>\n<\/div>\n<\/div>\n<p><!-- Timeline Content --><\/p>\n<div  id=\"ctl-story-8753\" class=\"ctl-story ctl-story-icon odd ctl-story-right\" data-aos=\"FadeInOut\"   data-story-index=\"19\" role=\"article\"><!-- Story Date --><\/p>\n<div class=\"ctl-labels\">\n<div class=\"ctl-label-big story-date\">2022<\/div>\n<\/div>\n<p><!-- Story Icon --><\/p>\n<div class=\"ctl-icon\"><i class= \"fa fas fa-square\" aria-hidden =\"true\"><\/i><\/div>\n<p> <!-- Story Arrow --><\/p>\n<div class=\"ctl-arrow\"><\/div>\n<p><!-- Story Content --><\/p>\n<div class=\"ctl-content\"><!-- Story Title --><\/p>\n<div class=\"ctl-title story-8753\" aria-label=\"2\">2021<\/div>\n<p><!-- Story Description --><\/p>\n<div class=\"ctl-description\">\n<p>Expans\u00e3o Tancagem Cattalini Importante investimento de expans\u00e3o do seu Centro de Tancagem 4 oferece o aumento da capacidade est\u00e1tica da empresa em 17,5%. Com a amplia\u00e7\u00e3o do CT4 a Cattalini oferece aos seus clientes um total de 133 tanques e 610 mil m\u00b3 para armazenagem de diversos produtos, distribu\u00eddos em<\/p>\n<\/div>\n<\/div>\n<\/div>\n<p><!-- Timeline Content --><\/p>\n<div  id=\"ctl-story-8754\" class=\"ctl-story ctl-story-icon even ctl-story-left\" data-aos=\"FadeInOut\"   data-story-index=\"20\" role=\"article\"><!-- Story Date --><\/p>\n<div class=\"ctl-labels\">\n<div class=\"ctl-label-big story-date\">2022<\/div>\n<\/div>\n<p><!-- Story Icon --><\/p>\n<div class=\"ctl-icon\"><i class= \"fa fas fa-square\" aria-hidden =\"true\"><\/i><\/div>\n<p> <!-- Story Arrow --><\/p>\n<div class=\"ctl-arrow\"><\/div>\n<p><!-- Story Content --><\/p>\n<div class=\"ctl-content\"><!-- Story Title --><\/p>\n<div class=\"ctl-title story-8754\" aria-label=\"2\">2022<\/div>\n<p><!-- Story Description --><\/p>\n<div class=\"ctl-description\">\n<p>Inaugura\u00e7\u00e3o do Terminal da Rocha &#8211; Unidade RS A cidade de Rio Grande (RS) passa a contar com um novo terminal da Rocha para movimenta\u00e7\u00e3o de cargas. A inaugura\u00e7\u00e3o ocorreu no dia 25 de abril e a estrutura conta com um novo armaz\u00e9m para fertilizantes, com capacidade est\u00e1tica de 35<\/p>\n<\/div>\n<\/div>\n<\/div><\/div>\n<div class=\"ctl-end\"><\/div>\n<\/p><\/div>\n<\/p><\/div><\/p>\n<\/div>\n<\/div><\/div><\/div><\/div><\/div><\/div><div id=\"pg-354-6\"  class=\"panel-grid panel-has-style\" ><div class=\"timeline-mobile siteorigin-panels-stretch panel-row-style panel-row-style-for-354-6\" id=\"timeline-mobile\" data-stretch-type=\"full\" ><div id=\"pgc-354-6-0\"  class=\"panel-grid-cell\" ><div id=\"panel-354-6-0-0\" class=\"so-panel widget widget_sow-editor panel-first-child panel-last-child\" data-index=\"5\" ><div\n\t\t\t\n\t\t\tclass=\"so-widget-sow-editor so-widget-sow-editor-base\"\n\t\t\t\n\t\t>\n<div class=\"siteorigin-widget-tinymce textwidget\">\n\t<p style=\"text-align: justify;\"><strong>1864<\/strong> \u2013 Funda\u00e7\u00e3o da ROCHA S. A. Ind\u00fastria, Com\u00e9rcio e Navega\u00e7\u00e3o, por Bento Munhoz da Rocha, com opera\u00e7\u00f5es iniciais de transporte de madeira, erva-mate e f\u00f3sforo.<\/p>\n<p style=\"text-align: justify;\"><strong>1922<\/strong> \u2013 Altera\u00e7\u00e3o da denomina\u00e7\u00e3o social para ROCHA &amp; Cia, passando a ser administrada pela fam\u00edlia Cominese.<\/p>\n<p style=\"text-align: justify;\"><strong>1966<\/strong> \u2013 Nova mudan\u00e7a da\u00a0raz\u00e3o social, que, de ROCHA &amp; CIA., passou a denominar-se ROCHA S.A. Ind\u00fastria, Com\u00e9rcio e Navega\u00e7\u00e3o, tornando os funcion\u00e1rios mais antigos s\u00f3cios da organiza\u00e7\u00e3o.<\/p>\n<p><img loading=\"lazy\" decoding=\"async\" class=\"size-medium wp-image-3443 aligncenter\" src=\"https:\/\/www.rochalog.com.br\/wp-content\/uploads\/2018\/07\/nossa-historia-rocha-timeline-01-300x251.png\" alt=\"Nossa Hist\u00f3ria - ROCHA Terminais\" width=\"300\" height=\"251\" srcset=\"https:\/\/www.rochalog.com.br\/wp-content\/uploads\/2018\/07\/nossa-historia-rocha-timeline-01-300x251.png 300w, https:\/\/www.rochalog.com.br\/wp-content\/uploads\/2018\/07\/nossa-historia-rocha-timeline-01.png 360w\" sizes=\"auto, (max-width: 300px) 100vw, 300px\" \/><\/p>\n<p style=\"text-align: justify;\"><strong>1980<\/strong> \u2013 Foco da empresa no segmento de cont\u00eaineres.<\/p>\n<p style=\"text-align: justify;\"><strong>1982<\/strong> \u2013 Os irm\u00e3os H\u00e9lio e Jo\u00e3o Gilberto Cominese Freire iniciam os trabalhos dentro da empresa e assumem a dire\u00e7\u00e3o do GRUPO ROCHA.<\/p>\n<p style=\"text-align: justify;\"><strong>1988<\/strong> \u2013 Nomea\u00e7\u00e3o de Jo\u00e3o Eug\u00eanio Cominese como representante da Cia. Brasileira de Cont\u00eaineres (CBC).<\/p>\n<p><img loading=\"lazy\" decoding=\"async\" class=\"size-medium wp-image-3459 aligncenter\" src=\"https:\/\/www.rochalog.com.br\/wp-content\/uploads\/2018\/07\/nossa-historia-rocha-timeline-02-300x251.png\" alt=\"Nossa Hist\u00f3ria - ROCHA Terminais\" width=\"300\" height=\"251\" srcset=\"https:\/\/www.rochalog.com.br\/wp-content\/uploads\/2018\/07\/nossa-historia-rocha-timeline-02-300x251.png 300w, https:\/\/www.rochalog.com.br\/wp-content\/uploads\/2018\/07\/nossa-historia-rocha-timeline-02.png 360w\" sizes=\"auto, (max-width: 300px) 100vw, 300px\" \/><\/p>\n<p style=\"text-align: justify;\"><strong>2000 <\/strong>\u2013 In\u00edcio da presta\u00e7\u00e3o de servi\u00e7os com gran\u00e9is de importa\u00e7\u00e3o.<\/p>\n<p style=\"text-align: justify;\"><strong>2002<\/strong> \u2013\u00a0Compra dos primeiros guindastes de grande porte. Constru\u00e7\u00e3o de armaz\u00e9ns especializados e da nova sede da empresa em Paranagu\u00e1 (PR). Obten\u00e7\u00e3o da concess\u00e3o do Porto Seco, em S\u00e3o Francisco do Sul (SC), e abertura das filiais em Itaja\u00ed (SC) e Guaruj\u00e1 (SP).<\/p>\n<p style=\"text-align: justify;\"><strong>2005<\/strong> \u2013 In\u00edcio das opera\u00e7\u00f5es do Porto Seco, em S\u00e3o Francisco do Sul (SC).<\/p>\n<p><img loading=\"lazy\" decoding=\"async\" class=\"size-medium wp-image-3533 aligncenter\" src=\"https:\/\/www.rochalog.com.br\/wp-content\/uploads\/2018\/08\/nossa-historia-rocha-timeline-03-300x251.png\" alt=\"Rocha - Nossa Hist\u00f3ria\" width=\"300\" height=\"251\" srcset=\"https:\/\/www.rochalog.com.br\/wp-content\/uploads\/2018\/08\/nossa-historia-rocha-timeline-03-300x251.png 300w, https:\/\/www.rochalog.com.br\/wp-content\/uploads\/2018\/08\/nossa-historia-rocha-timeline-03.png 360w\" sizes=\"auto, (max-width: 300px) 100vw, 300px\" \/><\/p>\n<p style=\"text-align: justify;\"><strong>2010<\/strong> \u2013 Em mar\u00e7o, registra-se um novo per\u00edodo de expans\u00e3o, a partir da entrada do fundo de investimentos ANGRA INFRA na participa\u00e7\u00e3o acion\u00e1ria de 40,58% do capital da empresa.<\/p>\n<p style=\"text-align: justify;\"><strong>2011<\/strong> \u2013 Em dezembro, ocorre a aquisi\u00e7\u00e3o de 50% do capital social da <a href=\"https:\/\/www.cattaliniterminais.com.br\/\" target=\"_blank\" rel=\"noopener\">Cattalini Terminais Mar\u00edtimos S.A.<\/a>, in Paranagu\u00e1 (Parana state), the largest liquid bulk company in Latin America.<\/p>\n<p style=\"text-align: justify;\"><strong>2011<\/strong> \u2013 In\u00edcio das opera\u00e7\u00f5es com gran\u00e9is de importa\u00e7\u00e3o no porto de S\u00e3o Francisco do Sul (SC) via subsidi\u00e1ria <a href=\"http:\/\/www.fullport8.com.br\/\" target=\"_blank\" rel=\"noopener\">Fullport8<\/a> subsidiary (28.3%), created by a joint venture with three other local partners. <em>joint venture<\/em> com outros tr\u00eas s\u00f3cios locais.<\/p>\n<p><img loading=\"lazy\" decoding=\"async\" class=\"size-medium wp-image-3466 aligncenter\" src=\"https:\/\/www.rochalog.com.br\/wp-content\/uploads\/2018\/07\/nossa-historia-rocha-timeline-03-300x251.png\" alt=\"Nossa Hist\u00f3ria - ROCHA Terminais\" width=\"300\" height=\"251\" srcset=\"https:\/\/www.rochalog.com.br\/wp-content\/uploads\/2018\/07\/nossa-historia-rocha-timeline-03-300x251.png 300w, https:\/\/www.rochalog.com.br\/wp-content\/uploads\/2018\/07\/nossa-historia-rocha-timeline-03.png 360w\" sizes=\"auto, (max-width: 300px) 100vw, 300px\" \/><\/p>\n<p style=\"text-align: justify;\"><strong>2012<\/strong> \u2013 Conclus\u00e3o das obras do complexo alfandegado destinado \u00e0 importa\u00e7\u00e3o de fertilizantes em Paranagu\u00e1 (PR).<\/p>\n<p style=\"text-align: justify;\"><strong>2013<\/strong> \u2013 Aquisi\u00e7\u00e3o de 60% da empresa <a href=\"http:\/\/www.rdvanzin.com.br\/\">Vanzin Operations Portuarias S \/ A<\/a>, a company focused on solid bulk port operations, in the state of Rio Grande (RS), aiming at a geographic expansion of the company.<\/p>\n<p style=\"text-align: justify;\"><strong>2015<\/strong> \u2013 Aquisi\u00e7\u00e3o de 25% da <a href=\"http:\/\/copiporto.com.br\/\" target=\"_blank\" rel=\"noopener\">Companhia Operadora Portu\u00e1ria do Itaqui<\/a> concluded through Vanzin Investment, in Itaqui (Maranh\u00e3o State).<\/p>\n<p style=\"text-align: justify;\"><strong>2015<\/strong> \u2013 Associa\u00e7\u00e3o com o BNDESPAR, com a opera\u00e7\u00e3o de subscri\u00e7\u00e3o de novas a\u00e7\u00f5es ordin\u00e1rias. Movimento realizado para capitalizar a ROCHA visando \u00e0 continuidade do seu crescimento de acordo com o planejamento estrat\u00e9gico desenhado, e, principalmente, para a conclus\u00e3o das obras do complexo para exporta\u00e7\u00e3o de gr\u00e3os. \u00a0Com isso, os percentuais de participa\u00e7\u00e3o acion\u00e1ria passaram a constituir a seguinte estrutura: a RTP com 41,98%; a ANGRA INFRA com 40,17%; e o BNDESPAR com 17,86%.<\/p>\n<p style=\"text-align: justify;\"><strong>2017<\/strong> \u2013 Neste ano a ROCHA conquistou importantes certifica\u00e7\u00f5es: Sistema de Gest\u00e3o Integrada (SGI) - ISO 9001, ISO 14001 e OHSAS 18001<\/p>\n<p><img loading=\"lazy\" decoding=\"async\" class=\"size-medium wp-image-3476 aligncenter\" src=\"https:\/\/www.rochalog.com.br\/wp-content\/uploads\/2018\/07\/nossa-historia-rocha-timeline-06-300x251.png\" alt=\"Nossa Hist\u00f3ria - ROCHA Terminais\" width=\"300\" height=\"251\" srcset=\"https:\/\/www.rochalog.com.br\/wp-content\/uploads\/2018\/07\/nossa-historia-rocha-timeline-06-300x251.png 300w, https:\/\/www.rochalog.com.br\/wp-content\/uploads\/2018\/07\/nossa-historia-rocha-timeline-06.png 360w\" sizes=\"auto, (max-width: 300px) 100vw, 300px\" \/><\/p>\n<p>&nbsp;<\/p>\n<p><strong>2018\/2019 <\/strong>\u2013 No ano de 2018 a Rocha conquistou a certifica\u00e7\u00e3o OEA para as suas unidades de neg\u00f3cio AZ9A, Granel de Importa\u00e7\u00e3o, Opera\u00e7\u00e3o Portu\u00e1ria, Porto Seco e Granel de Exporta\u00e7\u00e3o.<br \/>\nAquisi\u00e7\u00e3o de mais 25% da\u00a0<a href=\"http:\/\/copiporto.com.br\/\">Companhia Operadora Portu\u00e1ria do Itaqui<\/a> por meio da investida Vanzin, em Itaqui (MA), totalizando 50% da parti\u00e7\u00e3o acion\u00e1ria.<\/p>\n<p><img loading=\"lazy\" decoding=\"async\" class=\"size-medium wp-image-3916 aligncenter\" src=\"https:\/\/www.rochalog.com.br\/wp-content\/uploads\/2019\/02\/nossa-historia-rocha-timeline-05-300x251.png\" alt=\"\" width=\"300\" height=\"251\" srcset=\"https:\/\/www.rochalog.com.br\/wp-content\/uploads\/2019\/02\/nossa-historia-rocha-timeline-05-300x251.png 300w, https:\/\/www.rochalog.com.br\/wp-content\/uploads\/2019\/02\/nossa-historia-rocha-timeline-05.png 360w\" sizes=\"auto, (max-width: 300px) 100vw, 300px\" \/><\/p>\n<p>&nbsp;<\/p>\n<p><strong>2020\/2022<\/strong> - Expans\u00e3o GEXPO (Est\u00e1tica e Correias Transportadoras)<\/p>\n<p>Conclus\u00e3o da fase 2 das obras de amplia\u00e7\u00e3o da estrutura de Gran\u00e9is de Exporta\u00e7\u00e3o da Rocha, com dois novos armaz\u00e9ns e uma capacidade est\u00e1tica total de 270 mil toneladas. O novo complexo traz um aumento significativo na capacidade est\u00e1tica do Corredor de Exporta\u00e7\u00e3o de Paranagu\u00e1, sendo a Rocha a \u00fanica empresa com 4 linhas para embarques de gr\u00e3os (soja, milho e farelo), com capacidade total de 8 mil toneladas por hora. Pode assim operar os 3 ber\u00e7os de atraca\u00e7\u00e3o do corredor p\u00fablico de exporta\u00e7\u00e3o simultaneamente e com diferentes produtos.<\/p>\n<p><img loading=\"lazy\" decoding=\"async\" class=\"aligncenter size-full wp-image-8748\" src=\"https:\/\/www.rochalog.com.br\/wp-content\/uploads\/2022\/07\/layout_site_rochalog_timeline_gexpo_12_07_22.png\" alt=\"\" width=\"360\" height=\"301\" srcset=\"https:\/\/www.rochalog.com.br\/wp-content\/uploads\/2022\/07\/layout_site_rochalog_timeline_gexpo_12_07_22.png 360w, https:\/\/www.rochalog.com.br\/wp-content\/uploads\/2022\/07\/layout_site_rochalog_timeline_gexpo_12_07_22-300x251.png 300w, https:\/\/www.rochalog.com.br\/wp-content\/uploads\/2022\/07\/layout_site_rochalog_timeline_gexpo_12_07_22-14x12.png 14w\" sizes=\"auto, (max-width: 360px) 100vw, 360px\" \/><\/p>\n<p><strong>2021<\/strong> - Novo Armaz\u00e9m COPI<\/p>\n<p>A COPI entrega um sistema que possibilita triplicar a produtividade do ber\u00e7o 101 do Porto do Itaqui. As opera\u00e7\u00f5es s\u00e3o realizadas com guindastes m\u00f3veis do cais, moega e correias transportadoras que conectam o armaz\u00e9m constru\u00eddo diretamente ao ber\u00e7o 101. Al\u00e9m da melhor produtividade, o novo modelo de carga reduz o tr\u00e1fego da beira do cais, melhorando a seguran\u00e7a operacional e otimizando os custos para o importador.<\/p>\n<p><img loading=\"lazy\" decoding=\"async\" class=\"aligncenter size-full wp-image-8747\" src=\"https:\/\/www.rochalog.com.br\/wp-content\/uploads\/2022\/07\/layout_site_rochalog_timeline_copi_12_07_22.png\" alt=\"\" width=\"360\" height=\"301\" srcset=\"https:\/\/www.rochalog.com.br\/wp-content\/uploads\/2022\/07\/layout_site_rochalog_timeline_copi_12_07_22.png 360w, https:\/\/www.rochalog.com.br\/wp-content\/uploads\/2022\/07\/layout_site_rochalog_timeline_copi_12_07_22-300x251.png 300w, https:\/\/www.rochalog.com.br\/wp-content\/uploads\/2022\/07\/layout_site_rochalog_timeline_copi_12_07_22-14x12.png 14w\" sizes=\"auto, (max-width: 360px) 100vw, 360px\" \/><\/p>\n<p><strong>2021<\/strong> - Expans\u00e3o Tancagem Cattalini<\/p>\n<p>Importante investimento de expans\u00e3o do seu Centro de Tancagem 4 oferece o aumento da capacidade est\u00e1tica da empresa em 17,5%. Com a amplia\u00e7\u00e3o do CT4 a Cattalini oferece aos seus clientes um total de 133 tanques e 610 mil m\u00b3 para armazenagem de diversos produtos, distribu\u00eddos em cinco Centros de Tancagens (CTs) alfandegados e entrepostados.<\/p>\n<p><img loading=\"lazy\" decoding=\"async\" class=\"aligncenter size-full wp-image-8746\" src=\"https:\/\/www.rochalog.com.br\/wp-content\/uploads\/2022\/07\/layout_site_rochalog_timeline_cattalini_12_07_22.png\" alt=\"\" width=\"360\" height=\"301\" srcset=\"https:\/\/www.rochalog.com.br\/wp-content\/uploads\/2022\/07\/layout_site_rochalog_timeline_cattalini_12_07_22.png 360w, https:\/\/www.rochalog.com.br\/wp-content\/uploads\/2022\/07\/layout_site_rochalog_timeline_cattalini_12_07_22-300x251.png 300w, https:\/\/www.rochalog.com.br\/wp-content\/uploads\/2022\/07\/layout_site_rochalog_timeline_cattalini_12_07_22-14x12.png 14w\" sizes=\"auto, (max-width: 360px) 100vw, 360px\" \/><\/p>\n<p><strong>2022<\/strong> - Inaugura\u00e7\u00e3o do Terminal da Rocha - Unidade RS<\/p>\n<p>A cidade de Rio Grande (RS) passa a contar com um novo terminal da Rocha para movimenta\u00e7\u00e3o de cargas.<\/p>\n<p>A inaugura\u00e7\u00e3o ocorreu no dia 25 de abril e a estrutura conta com um novo armaz\u00e9m para fertilizantes, com capacidade est\u00e1tica de 35 mil toneladas, al\u00e9m de um p\u00e1tio com 25 mil metros quadrados preparado para armazenar outros produtos.<\/p>\n<p><img loading=\"lazy\" decoding=\"async\" class=\"aligncenter size-full wp-image-8749\" src=\"https:\/\/www.rochalog.com.br\/wp-content\/uploads\/2022\/07\/layout_site_rochalog_timeline_rs_12_07_22.png\" alt=\"\" width=\"360\" height=\"301\" srcset=\"https:\/\/www.rochalog.com.br\/wp-content\/uploads\/2022\/07\/layout_site_rochalog_timeline_rs_12_07_22.png 360w, https:\/\/www.rochalog.com.br\/wp-content\/uploads\/2022\/07\/layout_site_rochalog_timeline_rs_12_07_22-300x251.png 300w, https:\/\/www.rochalog.com.br\/wp-content\/uploads\/2022\/07\/layout_site_rochalog_timeline_rs_12_07_22-14x12.png 14w\" sizes=\"auto, (max-width: 360px) 100vw, 360px\" \/><\/p>\n<\/div>\n<\/div><\/div><\/div><\/div><\/div><div id=\"pg-354-7\"  class=\"panel-grid panel-has-style\" ><div class=\"siteorigin-panels-stretch panel-row-style panel-row-style-for-354-7\" data-stretch-type=\"full\" ><div id=\"pgc-354-7-0\"  class=\"panel-grid-cell\" ><\/div><\/div><\/div><div id=\"pg-354-8\"  class=\"panel-grid panel-has-style\" ><div class=\"barras siteorigin-panels-stretch panel-row-style panel-row-style-for-354-8\" data-stretch-type=\"full\" ><div id=\"pgc-354-8-0\"  class=\"panel-grid-cell panel-grid-cell-empty\" ><\/div><\/div><\/div><\/div>","protected":false},"excerpt":{"rendered":"<p>Nossa Hist\u00f3ria Mais de 155 anos de trajet\u00f3ria, com olhar atento para o futuro. Para uma empresa ultrapassar 155 anos [&hellip;]<\/p>","protected":false},"author":1,"featured_media":0,"parent":0,"menu_order":0,"comment_status":"closed","ping_status":"closed","template":"templates\/template-full-notitle.php","meta":{"footnotes":""},"class_list":["post-354","page","type-page","status-publish","hentry","post"],"aioseo_notices":[],"jetpack_sharing_enabled":true,"_links":{"self":[{"href":"https:\/\/www.rochalog.com.br\/en\/wp-json\/wp\/v2\/pages\/354","targetHints":{"allow":["GET"]}}],"collection":[{"href":"https:\/\/www.rochalog.com.br\/en\/wp-json\/wp\/v2\/pages"}],"about":[{"href":"https:\/\/www.rochalog.com.br\/en\/wp-json\/wp\/v2\/types\/page"}],"author":[{"embeddable":true,"href":"https:\/\/www.rochalog.com.br\/en\/wp-json\/wp\/v2\/users\/1"}],"replies":[{"embeddable":true,"href":"https:\/\/www.rochalog.com.br\/en\/wp-json\/wp\/v2\/comments?post=354"}],"version-history":[{"count":1,"href":"https:\/\/www.rochalog.com.br\/en\/wp-json\/wp\/v2\/pages\/354\/revisions"}],"predecessor-version":[{"id":10049,"href":"https:\/\/www.rochalog.com.br\/en\/wp-json\/wp\/v2\/pages\/354\/revisions\/10049"}],"wp:attachment":[{"href":"https:\/\/www.rochalog.com.br\/en\/wp-json\/wp\/v2\/media?parent=354"}],"curies":[{"name":"wp","href":"https:\/\/api.w.org\/{rel}","templated":true}]}}